{"id":10335,"date":"2016-01-28T20:20:21","date_gmt":"2016-01-28T19:20:21","guid":{"rendered":"http:\/\/skgd.pl\/?page_id=10335"},"modified":"2025-01-02T20:30:46","modified_gmt":"2025-01-02T19:30:46","slug":"ogolnopolski-konkurs-literacki-w-jezyku-serca","status":"publish","type":"page","link":"https:\/\/skgd.pl\/de\/dzialalnosc-kulturalno-oswiatowa\/ogolnopolski-konkurs-literacki-w-jezyku-serca\/","title":{"rendered":"Literarischer Wettbewerb \u201cMeine deutsche Geschichte\u201d"},"content":{"rendered":"<p>[vc_row][vc_column width=&#8221;3\/4&#8243;][vc_column_text]<\/p>\n<p style=\"text-align: justify;\">Liebe Freunde der deutschsprachigen Literatur, wir m\u00f6chten herzlich alle, die \u00fcber 12 Jahre alt sind, zu unserem literarischen Wettbewerb einladen!<\/p>\n<p style=\"text-align: justify;\"><strong>Wettbewerbsthema: ,, Meine deutsche Geschichte \u201c<\/strong>Die Arbeiten sollen sich auf eine pers\u00f6nliche Beziehung zur deutschen Kultur, Sprache, der deutschen Minderheit oder der deutschen Geschichte beziehen. &nbsp;<strong>Teilnehmer<\/strong><\/p>\n<p style=\"text-align: justify;\">Der Wettbewerb ist wird in drei Alterskategorien durchgef\u00fchrt:<\/p>\n<p style=\"text-align: justify;\">A \u2013 12-15 Jahre<\/p>\n<p style=\"text-align: justify;\">B \u2013&nbsp; 16-19 Jahre<\/p>\n<p style=\"text-align: justify;\">C \u2013 ab 20 Jahre.<\/p>\n<p style=\"text-align: justify;\"><strong><a href=\"https:\/\/skgd.pl\/wp-content\/uploads\/2016\/01\/IMG_3155.jpg\" rel=\"attachment wp-att-10450\"><img loading=\"lazy\" decoding=\"async\" class=\"size-medium wp-image-10450 alignleft\" src=\"https:\/\/skgd.pl\/wp-content\/uploads\/2016\/01\/IMG_3155-300x200.jpg\" alt=\"IMG_3155\" width=\"300\" height=\"200\" srcset=\"https:\/\/skgd.pl\/wp-content\/uploads\/2016\/01\/IMG_3155-300x200.jpg 300w, https:\/\/skgd.pl\/wp-content\/uploads\/2016\/01\/IMG_3155-600x400.jpg 600w, https:\/\/skgd.pl\/wp-content\/uploads\/2016\/01\/IMG_3155-768x512.jpg 768w, https:\/\/skgd.pl\/wp-content\/uploads\/2016\/01\/IMG_3155-1024x683.jpg 1024w, https:\/\/skgd.pl\/wp-content\/uploads\/2016\/01\/IMG_3155-800x533.jpg 800w, https:\/\/skgd.pl\/wp-content\/uploads\/2016\/01\/IMG_3155.jpg 1500w\" sizes=\"auto, (max-width: 300px) 100vw, 300px\" \/><\/a>Form<\/strong><\/p>\n<ul style=\"text-align: justify;\">\n<li>Die Texte m\u00fcssen selbst\u00e4ndig von den TeilnehmerInnen in deutscher Sprache verfasst werden. Zur Wahl steht Lyrik oder eine Prosaform (z.B. Geschichte, Aufzatz oder Comic).<\/li>\n<li>Die Arbeit soll in der Schriftart Times New Roman, 12 Pkt., 1,5-zeilig geschickt werden. Bei Prosatexten die Mindestl\u00e4nge betr\u00e4gt eine DIN-A4-Seite.<\/li>\n<li>Die Arbeiten bitte mit der Kennzeichnung A,B oder C je nach der Alterskategorie einreichen.<\/li>\n<\/ul>\n<p style=\"text-align: justify;\"><strong>Abgabetermin<\/strong><\/p>\n<p style=\"text-align: justify;\">Wir bitten den Text per E-Mail oder Post bis zum<span>&nbsp;<\/span><strong>15.10.2019<span>&nbsp;<\/span><\/strong>an die unten angegebene Adresse zu schicken.<\/p>\n<p style=\"text-align: justify;\">Pro Person kann eine Arbeit pro Kategorie eingereicht werden (d.h. maximal ein Gedicht und\/oder ein Prosast\u00fcck und\/oder Comic).<\/p>\n<p style=\"text-align: justify;\"><strong>Sozial-Kulturelle Gesellschaft der Deutschen in Oppelner Schlesien<\/strong><\/p>\n<p style=\"text-align: justify;\"><strong>mit dem Zusatz: \u201eMeine deutsche Geschichte \u201c<\/strong><\/p>\n<p style=\"text-align: justify;\"><strong>M. Konopnickiej 6, 45-004 Opole,<\/strong><\/p>\n<p style=\"text-align: justify;\">Bitte f\u00fcgen Sie die ausgef\u00fcllten Anh\u00e4nge (Anhang 1, 2, 3) und bei Minderj\u00e4hrigen Anhang 4 bei.<\/p>\n<p style=\"text-align: justify;\"><strong>Bewertung der Arbeiten<\/strong><\/p>\n<p style=\"text-align: justify;\">Die Arbeiten werden von einer durch den Veranstalter ausgew\u00e4hlten Jury bewertet. Die Entscheidung der Jury ist endg\u00fcltig. Personen, die gegen die Regeln des Wettbewerbes versto\u00dfen, werden von der weiteren Teilnahme ausgeschlossen.<\/p>\n<p style=\"text-align: justify;\">Die besten Arbeiten werden ausgezeichnet und ver\u00f6ffentlicht. Die Gewinner bekommen attraktive Preise (Tablets, B\u00fccher, Schreibwaren, Werbeartikel, Gutscheine) Sie werden per E-Mail oder telefonisch benachrichtigt. Informationen zum Datum und Ort der Preisverleihung werden auf der Website<span>&nbsp;<\/span><a href=\"http:\/\/www.skgd.pl\/\">www.skgd.pl<\/a><span>&nbsp;<\/span>bekannt gegeben.<\/p>\n<p style=\"text-align: justify;\"><strong>Schlussbestimmungen<\/strong><\/p>\n<p style=\"text-align: justify;\">Mit der Einreichung der Arbeiten f\u00fcr den Wettbewerb erkl\u00e4rt sich der Autor bereit, dass die Texte vom Veranstalter auf seiner Webseite, in den Medien und in der Publikation nach dem Wettbewerb ver\u00f6ffentlicht werden. Der Veranstalter beh\u00e4lt sich das Recht vor, die Arbeiten f\u00fcr Werbezwecke ohne Zahlung von Lizenzgeb\u00fchren f\u00fcr Urheberrechte zu verwenden. Der Veranstalter beh\u00e4lt sich das Recht vor, diese Regelungen zu \u00e4ndern.<\/p>\n<p style=\"text-align: justify;\">&nbsp;<\/p>\n<p>[\/vc_column_text][\/vc_column][vc_column width=&#8221;1\/4&#8243;][vc_column_text]<\/p>\n<section class=\"span3\" style=\"margin-top: -22px;\">\n<div class=\"col-left\">\n<div id=\"execphp-2\" class=\"widget m_bottom_25 widget_execphp\">\n<div class=\"execphpwidget\">\n<div id=\"archives-2\" class=\"widget widget_archive kontakt\" style=\"border-color: #1F97FF !important;\">\n<h4 class=\"h4 heading-h4\" style=\"margin-bottom: 0px; text-align: center;\"><img loading=\"lazy\" decoding=\"async\" class=\"alignnone wp-image-21410\" src=\"https:\/\/skgd.pl\/wp-content\/uploads\/2019\/08\/MojaNiemieckaHistoria-logo-rgb-284x300.jpg\" alt=\"\" width=\"157\" height=\"166\" srcset=\"https:\/\/skgd.pl\/wp-content\/uploads\/2019\/08\/MojaNiemieckaHistoria-logo-rgb-284x300.jpg 284w, https:\/\/skgd.pl\/wp-content\/uploads\/2019\/08\/MojaNiemieckaHistoria-logo-rgb-600x634.jpg 600w, https:\/\/skgd.pl\/wp-content\/uploads\/2019\/08\/MojaNiemieckaHistoria-logo-rgb-768x812.jpg 768w, https:\/\/skgd.pl\/wp-content\/uploads\/2019\/08\/MojaNiemieckaHistoria-logo-rgb-969x1024.jpg 969w, https:\/\/skgd.pl\/wp-content\/uploads\/2019\/08\/MojaNiemieckaHistoria-logo-rgb-800x846.jpg 800w, https:\/\/skgd.pl\/wp-content\/uploads\/2019\/08\/MojaNiemieckaHistoria-logo-rgb.jpg 1171w\" sizes=\"auto, (max-width: 157px) 100vw, 157px\" \/><\/h4>\n<h4 class=\"h4 heading-h4\" style=\"margin-bottom: 0px; text-align: center;\">Kontakt<\/h4>\n<div class=\"kontakt\">\n<p>&nbsp;<\/p>\n<\/div>\n<h4 class=\"h4 heading-h4\" style=\"margin-bottom: 20px; margin-top: 10px; text-align: center;\">Download<\/h4>\n<ul>\n<li class=\"linki\"><span style=\"font-size: 14px;\"><span class=\"iconized font-awesome glyph-link\"><\/span><a title=\"regulaminKonkursRecytatorski2016.doc\" href=\"https:\/\/skgd.pl\/wp-content\/uploads\/2019\/08\/regulamin-k.literacki.doc\" download=\"\"> Reglament 2019<\/a><\/span><\/li>\n<li class=\"linki\"><span style=\"font-size: 14px;\"><span class=\"iconized font-awesome glyph-link\"><\/span> <a href=\"https:\/\/skgd.pl\/wp-content\/uploads\/2019\/08\/Za\u0142\u0105czniki.docx\"> Za\u0142\u0105czniki<\/a><\/span><\/li>\n<\/ul>\n<p>&nbsp;<\/p>\n<h4 class=\"h4 heading-h4\" style=\"margin-bottom: 10px; text-align: center;\">Partner<\/h4>\n<p><img decoding=\"async\" class=\"aligncenter\" src=\"https:\/\/skgd.pl\/wp-content\/uploads\/2016\/01\/Konsulat.png\" alt=\"Konsulat\"><img decoding=\"async\" class=\"aligncenter\" src=\"https:\/\/skgd.pl\/wp-content\/uploads\/2016\/01\/4-MSWiA-1.png\" alt=\"4- MSWiA\"><\/p>\n<\/div>\n<\/div>\n<\/div>\n<\/div>\n<\/section>\n<p>[\/vc_column_text][\/vc_column][\/vc_row]<\/p>","protected":false},"excerpt":{"rendered":"<p>[vc_row][vc_column width=&#8221;3\/4&#8243;][vc_column_text] Liebe Freunde der deutschsprachigen Literatur, wir m\u00f6chten herzlich alle, die \u00fcber 12 Jahre alt sind, zu unserem literarischen Wettbewerb einladen! Wettbewerbsthema: ,, Meine deutsche Geschichte \u201cDie Arbeiten sollen sich auf eine pers\u00f6nliche Beziehung zur deutschen Kultur, Sprache, der deutschen Minderheit oder der deutschen Geschichte beziehen. &nbsp;Teilnehmer Der Wettbewerb ist wird in drei Alterskategorien [&hellip;]<\/p>\n","protected":false},"author":1,"featured_media":0,"parent":9331,"menu_order":30,"comment_status":"closed","ping_status":"closed","template":"","meta":{"footnotes":""},"class_list":["post-10335","page","type-page","status-publish","hentry"],"yoast_head":"<!-- This site is optimized with the Yoast SEO plugin v18.9 - https:\/\/yoast.com\/wordpress\/plugins\/seo\/ -->\n<title>Literarischer Wettbewerb \u201cMeine deutsche Geschichte\u201d - Deutsche Minderheit, Sozial-Kulturelle Gesellschaft der Deutschen im Oppelner Schlesien<\/title>\n<meta name=\"robots\" content=\"index, follow, max-snippet:-1, max-image-preview:large, max-video-preview:-1\" \/>\n<link rel=\"canonical\" href=\"https:\/\/skgd.pl\/dzialalnosc-kulturalno-oswiatowa\/ogolnopolski-konkurs-literacki-w-jezyku-serca\/\" \/>\n<meta property=\"og:locale\" content=\"de_DE\" \/>\n<meta property=\"og:type\" content=\"article\" \/>\n<meta property=\"og:title\" content=\"Literarischer Wettbewerb \u201cMeine deutsche Geschichte\u201d - Deutsche Minderheit, Sozial-Kulturelle Gesellschaft der Deutschen im Oppelner Schlesien\" \/>\n<meta property=\"og:description\" content=\"[vc_row][vc_column width=&#8221;3\/4&#8243;][vc_column_text] Liebe Freunde der deutschsprachigen Literatur, wir m\u00f6chten herzlich alle, die \u00fcber 12 Jahre alt sind, zu unserem literarischen Wettbewerb einladen! Wettbewerbsthema: ,, Meine deutsche Geschichte \u201cDie Arbeiten sollen sich auf eine pers\u00f6nliche Beziehung zur deutschen Kultur, Sprache, der deutschen Minderheit oder der deutschen Geschichte beziehen. &nbsp;Teilnehmer Der Wettbewerb ist wird in drei Alterskategorien [&hellip;]\" \/>\n<meta property=\"og:url\" content=\"https:\/\/skgd.pl\/dzialalnosc-kulturalno-oswiatowa\/ogolnopolski-konkurs-literacki-w-jezyku-serca\/\" \/>\n<meta property=\"og:site_name\" content=\"Deutsche Minderheit, Sozial-Kulturelle Gesellschaft der Deutschen im Oppelner Schlesien\" \/>\n<meta property=\"article:modified_time\" content=\"2025-01-02T19:30:46+00:00\" \/>\n<meta property=\"og:image\" content=\"https:\/\/skgd.pl\/wp-content\/uploads\/2016\/01\/IMG_3155-300x200.jpg\" \/>\n<meta name=\"twitter:card\" content=\"summary_large_image\" \/>\n<meta name=\"twitter:label1\" content=\"Gesch\u00e4tzte Lesezeit\" \/>\n\t<meta name=\"twitter:data1\" content=\"4\u00a0Minuten\" \/>\n<script type=\"application\/ld+json\" class=\"yoast-schema-graph\">{\"@context\":\"https:\/\/schema.org\",\"@graph\":[{\"@type\":\"WebSite\",\"@id\":\"https:\/\/skgd.pl\/#website\",\"url\":\"https:\/\/skgd.pl\/\",\"name\":\"Deutsche Minderheit, Sozial-Kulturelle Gesellschaft der Deutschen im Oppelner Schlesien\",\"description\":\"Deutsche Minderheit in Polen\",\"potentialAction\":[{\"@type\":\"SearchAction\",\"target\":{\"@type\":\"EntryPoint\",\"urlTemplate\":\"https:\/\/skgd.pl\/?s={search_term_string}\"},\"query-input\":\"required name=search_term_string\"}],\"inLanguage\":\"de\"},{\"@type\":\"ImageObject\",\"inLanguage\":\"de\",\"@id\":\"https:\/\/skgd.pl\/dzialalnosc-kulturalno-oswiatowa\/ogolnopolski-konkurs-literacki-w-jezyku-serca\/#primaryimage\",\"url\":\"https:\/\/skgd.pl\/wp-content\/uploads\/2016\/01\/IMG_3155.jpg\",\"contentUrl\":\"https:\/\/skgd.pl\/wp-content\/uploads\/2016\/01\/IMG_3155.jpg\",\"width\":1500,\"height\":1000},{\"@type\":\"WebPage\",\"@id\":\"https:\/\/skgd.pl\/dzialalnosc-kulturalno-oswiatowa\/ogolnopolski-konkurs-literacki-w-jezyku-serca\/#webpage\",\"url\":\"https:\/\/skgd.pl\/dzialalnosc-kulturalno-oswiatowa\/ogolnopolski-konkurs-literacki-w-jezyku-serca\/\",\"name\":\"Literarischer Wettbewerb \u201cMeine deutsche Geschichte\u201d - Deutsche Minderheit, Sozial-Kulturelle Gesellschaft der Deutschen im Oppelner Schlesien\",\"isPartOf\":{\"@id\":\"https:\/\/skgd.pl\/#website\"},\"primaryImageOfPage\":{\"@id\":\"https:\/\/skgd.pl\/dzialalnosc-kulturalno-oswiatowa\/ogolnopolski-konkurs-literacki-w-jezyku-serca\/#primaryimage\"},\"datePublished\":\"2016-01-28T19:20:21+00:00\",\"dateModified\":\"2025-01-02T19:30:46+00:00\",\"breadcrumb\":{\"@id\":\"https:\/\/skgd.pl\/dzialalnosc-kulturalno-oswiatowa\/ogolnopolski-konkurs-literacki-w-jezyku-serca\/#breadcrumb\"},\"inLanguage\":\"de\",\"potentialAction\":[{\"@type\":\"ReadAction\",\"target\":[\"https:\/\/skgd.pl\/dzialalnosc-kulturalno-oswiatowa\/ogolnopolski-konkurs-literacki-w-jezyku-serca\/\"]}]},{\"@type\":\"BreadcrumbList\",\"@id\":\"https:\/\/skgd.pl\/dzialalnosc-kulturalno-oswiatowa\/ogolnopolski-konkurs-literacki-w-jezyku-serca\/#breadcrumb\",\"itemListElement\":[{\"@type\":\"ListItem\",\"position\":1,\"name\":\"Strona g\u0142\u00f3wna\",\"item\":\"https:\/\/skgd.pl\/\"},{\"@type\":\"ListItem\",\"position\":2,\"name\":\"Dzia\u0142alno\u015b\u0107 kulturalno &#8211; o\u015bwiatowa\",\"item\":\"https:\/\/skgd.pl\/dzialalnosc-kulturalno-oswiatowa\/\"},{\"@type\":\"ListItem\",\"position\":3,\"name\":\"Og\u00f3lnopolski Konkurs Literacki \u201eMoja niemiecka historia\u201d\"}]}]}<\/script>\n<!-- \/ Yoast SEO plugin. -->","yoast_head_json":{"title":"Literarischer Wettbewerb \u201cMeine deutsche Geschichte\u201d - Deutsche Minderheit, Sozial-Kulturelle Gesellschaft der Deutschen im Oppelner Schlesien","robots":{"index":"index","follow":"follow","max-snippet":"max-snippet:-1","max-image-preview":"max-image-preview:large","max-video-preview":"max-video-preview:-1"},"canonical":"https:\/\/skgd.pl\/dzialalnosc-kulturalno-oswiatowa\/ogolnopolski-konkurs-literacki-w-jezyku-serca\/","og_locale":"de_DE","og_type":"article","og_title":"Literarischer Wettbewerb \u201cMeine deutsche Geschichte\u201d - Deutsche Minderheit, Sozial-Kulturelle Gesellschaft der Deutschen im Oppelner Schlesien","og_description":"[vc_row][vc_column width=&#8221;3\/4&#8243;][vc_column_text] Liebe Freunde der deutschsprachigen Literatur, wir m\u00f6chten herzlich alle, die \u00fcber 12 Jahre alt sind, zu unserem literarischen Wettbewerb einladen! Wettbewerbsthema: ,, Meine deutsche Geschichte \u201cDie Arbeiten sollen sich auf eine pers\u00f6nliche Beziehung zur deutschen Kultur, Sprache, der deutschen Minderheit oder der deutschen Geschichte beziehen. &nbsp;Teilnehmer Der Wettbewerb ist wird in drei Alterskategorien [&hellip;]","og_url":"https:\/\/skgd.pl\/dzialalnosc-kulturalno-oswiatowa\/ogolnopolski-konkurs-literacki-w-jezyku-serca\/","og_site_name":"Deutsche Minderheit, Sozial-Kulturelle Gesellschaft der Deutschen im Oppelner Schlesien","article_modified_time":"2025-01-02T19:30:46+00:00","og_image":[{"url":"https:\/\/skgd.pl\/wp-content\/uploads\/2016\/01\/IMG_3155-300x200.jpg"}],"twitter_card":"summary_large_image","twitter_misc":{"Gesch\u00e4tzte Lesezeit":"4\u00a0Minuten"},"schema":{"@context":"https:\/\/schema.org","@graph":[{"@type":"WebSite","@id":"https:\/\/skgd.pl\/#website","url":"https:\/\/skgd.pl\/","name":"Deutsche Minderheit, Sozial-Kulturelle Gesellschaft der Deutschen im Oppelner Schlesien","description":"Deutsche Minderheit in Polen","potentialAction":[{"@type":"SearchAction","target":{"@type":"EntryPoint","urlTemplate":"https:\/\/skgd.pl\/?s={search_term_string}"},"query-input":"required name=search_term_string"}],"inLanguage":"de"},{"@type":"ImageObject","inLanguage":"de","@id":"https:\/\/skgd.pl\/dzialalnosc-kulturalno-oswiatowa\/ogolnopolski-konkurs-literacki-w-jezyku-serca\/#primaryimage","url":"https:\/\/skgd.pl\/wp-content\/uploads\/2016\/01\/IMG_3155.jpg","contentUrl":"https:\/\/skgd.pl\/wp-content\/uploads\/2016\/01\/IMG_3155.jpg","width":1500,"height":1000},{"@type":"WebPage","@id":"https:\/\/skgd.pl\/dzialalnosc-kulturalno-oswiatowa\/ogolnopolski-konkurs-literacki-w-jezyku-serca\/#webpage","url":"https:\/\/skgd.pl\/dzialalnosc-kulturalno-oswiatowa\/ogolnopolski-konkurs-literacki-w-jezyku-serca\/","name":"Literarischer Wettbewerb \u201cMeine deutsche Geschichte\u201d - Deutsche Minderheit, Sozial-Kulturelle Gesellschaft der Deutschen im Oppelner Schlesien","isPartOf":{"@id":"https:\/\/skgd.pl\/#website"},"primaryImageOfPage":{"@id":"https:\/\/skgd.pl\/dzialalnosc-kulturalno-oswiatowa\/ogolnopolski-konkurs-literacki-w-jezyku-serca\/#primaryimage"},"datePublished":"2016-01-28T19:20:21+00:00","dateModified":"2025-01-02T19:30:46+00:00","breadcrumb":{"@id":"https:\/\/skgd.pl\/dzialalnosc-kulturalno-oswiatowa\/ogolnopolski-konkurs-literacki-w-jezyku-serca\/#breadcrumb"},"inLanguage":"de","potentialAction":[{"@type":"ReadAction","target":["https:\/\/skgd.pl\/dzialalnosc-kulturalno-oswiatowa\/ogolnopolski-konkurs-literacki-w-jezyku-serca\/"]}]},{"@type":"BreadcrumbList","@id":"https:\/\/skgd.pl\/dzialalnosc-kulturalno-oswiatowa\/ogolnopolski-konkurs-literacki-w-jezyku-serca\/#breadcrumb","itemListElement":[{"@type":"ListItem","position":1,"name":"Strona g\u0142\u00f3wna","item":"https:\/\/skgd.pl\/"},{"@type":"ListItem","position":2,"name":"Dzia\u0142alno\u015b\u0107 kulturalno &#8211; o\u015bwiatowa","item":"https:\/\/skgd.pl\/dzialalnosc-kulturalno-oswiatowa\/"},{"@type":"ListItem","position":3,"name":"Og\u00f3lnopolski Konkurs Literacki \u201eMoja niemiecka historia\u201d"}]}]}},"_links":{"self":[{"href":"https:\/\/skgd.pl\/de\/wp-json\/wp\/v2\/pages\/10335","targetHints":{"allow":["GET"]}}],"collection":[{"href":"https:\/\/skgd.pl\/de\/wp-json\/wp\/v2\/pages"}],"about":[{"href":"https:\/\/skgd.pl\/de\/wp-json\/wp\/v2\/types\/page"}],"author":[{"embeddable":true,"href":"https:\/\/skgd.pl\/de\/wp-json\/wp\/v2\/users\/1"}],"replies":[{"embeddable":true,"href":"https:\/\/skgd.pl\/de\/wp-json\/wp\/v2\/comments?post=10335"}],"version-history":[{"count":28,"href":"https:\/\/skgd.pl\/de\/wp-json\/wp\/v2\/pages\/10335\/revisions"}],"predecessor-version":[{"id":35629,"href":"https:\/\/skgd.pl\/de\/wp-json\/wp\/v2\/pages\/10335\/revisions\/35629"}],"up":[{"embeddable":true,"href":"https:\/\/skgd.pl\/de\/wp-json\/wp\/v2\/pages\/9331"}],"wp:attachment":[{"href":"https:\/\/skgd.pl\/de\/wp-json\/wp\/v2\/media?parent=10335"}],"curies":[{"name":"wp","href":"https:\/\/api.w.org\/{rel}","templated":true}]}}